{"version":"1.0","provider_name":"La revue L\u00e9gion","provider_url":"https:\/\/legionmagazine.com\/fr","author_name":"Stephanie Slegtenhorst","author_url":"https:\/\/legionmagazine.com\/fr\/author\/stephanie_slegtenhorst\/","title":"George-\u00c9tienne Cartier : le bras droit de Macdonald - La revue L\u00e9gion","type":"rich","width":600,"height":338,"html":"<blockquote class=\"wp-embedded-content\" data-secret=\"KNR6edX2Fm\"><a href=\"https:\/\/legionmagazine.com\/fr\/2017\/07\/george-etienne-cartier-le-bras-droit-de-macdonald\/\">George-\u00c9tienne Cartier : le bras droit de Macdonald<\/a><\/blockquote><iframe sandbox=\"allow-scripts\" security=\"restricted\" src=\"https:\/\/legionmagazine.com\/fr\/2017\/07\/george-etienne-cartier-le-bras-droit-de-macdonald\/embed\/#?secret=KNR6edX2Fm\" width=\"600\" height=\"338\" title=\"&#8220;George-\u00c9tienne Cartier : le bras droit de Macdonald&#8221; &#8212; La revue L\u00e9gion\" data-secret=\"KNR6edX2Fm\" frameborder=\"0\" marginwidth=\"0\" marginheight=\"0\" scrolling=\"no\" class=\"wp-embedded-content\"><\/iframe><script>\n\/*! This file is auto-generated *\/\n!function(d,l){\"use strict\";l.querySelector&&d.addEventListener&&\"undefined\"!=typeof URL&&(d.wp=d.wp||{},d.wp.receiveEmbedMessage||(d.wp.receiveEmbedMessage=function(e){var t=e.data;if((t||t.secret||t.message||t.value)&&!\/[^a-zA-Z0-9]\/.test(t.secret)){for(var s,r,n,a=l.querySelectorAll('iframe[data-secret=\"'+t.secret+'\"]'),o=l.querySelectorAll('blockquote[data-secret=\"'+t.secret+'\"]'),c=new RegExp(\"^https?:$\",\"i\"),i=0;i<o.length;i++)o[i].style.display=\"none\";for(i=0;i<a.length;i++)s=a[i],e.source===s.contentWindow&&(s.removeAttribute(\"style\"),\"height\"===t.message?(1e3<(r=parseInt(t.value,10))?r=1e3:~~r<200&&(r=200),s.height=r):\"link\"===t.message&&(r=new URL(s.getAttribute(\"src\")),n=new URL(t.value),c.test(n.protocol))&&n.host===r.host&&l.activeElement===s&&(d.top.location.href=t.value))}},d.addEventListener(\"message\",d.wp.receiveEmbedMessage,!1),l.addEventListener(\"DOMContentLoaded\",function(){for(var e,t,s=l.querySelectorAll(\"iframe.wp-embedded-content\"),r=0;r<s.length;r++)(t=(e=s[r]).getAttribute(\"data-secret\"))||(t=Math.random().toString(36).substring(2,12),e.src+=\"#?secret=\"+t,e.setAttribute(\"data-secret\",t)),e.contentWindow.postMessage({message:\"ready\",secret:t},\"*\")},!1)))}(window,document);\n\/\/# sourceURL=https:\/\/legionmagazine.com\/fr\/wp-includes\/js\/wp-embed.min.js\n<\/script>\n","thumbnail_url":"https:\/\/legionmagazine.com\/fr\/wp-content\/uploads\/2017\/08\/Sir_George_Etienne_Cartier.jpg","thumbnail_width":319,"thumbnail_height":414,"description":"Les Canadiens savent tous qui \u00e9tait sir John A. Macdonald, notre premier premier ministre et l\u2019un des p\u00e8res de la Conf\u00e9d\u00e9ration. On comprendra que, 150 ans apr\u00e8s, on oublie les autres. George-\u00c9tienne Cartier \u00e9tait un de ces fondateurs; celui que beaucoup voyaient comme le bras droit de Macdonald. D\u2019aucuns pensent que Cartier, n\u00e9 \u00e0 Saint-Antoine-sur-Richelieu &hellip;"}