{"version":"1.0","provider_name":"La revue L\u00e9gion","provider_url":"https:\/\/legionmagazine.com\/fr","author_name":"Eric Harris","author_url":"https:\/\/legionmagazine.com\/fr\/author\/erich\/","title":"Deux guerres en deux semaines - La revue L\u00e9gion","type":"rich","width":600,"height":338,"html":"<blockquote class=\"wp-embedded-content\" data-secret=\"Ge0SiZzFCi\"><a href=\"https:\/\/legionmagazine.com\/fr\/2015\/11\/deux-guerres-en-deux-semaines\/\">Deux guerres en deux semaines<\/a><\/blockquote><iframe sandbox=\"allow-scripts\" security=\"restricted\" src=\"https:\/\/legionmagazine.com\/fr\/2015\/11\/deux-guerres-en-deux-semaines\/embed\/#?secret=Ge0SiZzFCi\" width=\"600\" height=\"338\" title=\"&#8220;Deux guerres en deux semaines&#8221; &#8212; La revue L\u00e9gion\" data-secret=\"Ge0SiZzFCi\" frameborder=\"0\" marginwidth=\"0\" marginheight=\"0\" scrolling=\"no\" class=\"wp-embedded-content\"><\/iframe><script>\n\/*! This file is auto-generated *\/\n!function(d,l){\"use strict\";l.querySelector&&d.addEventListener&&\"undefined\"!=typeof URL&&(d.wp=d.wp||{},d.wp.receiveEmbedMessage||(d.wp.receiveEmbedMessage=function(e){var t=e.data;if((t||t.secret||t.message||t.value)&&!\/[^a-zA-Z0-9]\/.test(t.secret)){for(var s,r,n,a=l.querySelectorAll('iframe[data-secret=\"'+t.secret+'\"]'),o=l.querySelectorAll('blockquote[data-secret=\"'+t.secret+'\"]'),c=new RegExp(\"^https?:$\",\"i\"),i=0;i<o.length;i++)o[i].style.display=\"none\";for(i=0;i<a.length;i++)s=a[i],e.source===s.contentWindow&&(s.removeAttribute(\"style\"),\"height\"===t.message?(1e3<(r=parseInt(t.value,10))?r=1e3:~~r<200&&(r=200),s.height=r):\"link\"===t.message&&(r=new URL(s.getAttribute(\"src\")),n=new URL(t.value),c.test(n.protocol))&&n.host===r.host&&l.activeElement===s&&(d.top.location.href=t.value))}},d.addEventListener(\"message\",d.wp.receiveEmbedMessage,!1),l.addEventListener(\"DOMContentLoaded\",function(){for(var e,t,s=l.querySelectorAll(\"iframe.wp-embedded-content\"),r=0;r<s.length;r++)(t=(e=s[r]).getAttribute(\"data-secret\"))||(t=Math.random().toString(36).substring(2,12),e.src+=\"#?secret=\"+t,e.setAttribute(\"data-secret\",t)),e.contentWindow.postMessage({message:\"ready\",secret:t},\"*\")},!1)))}(window,document);\n\/\/# sourceURL=https:\/\/legionmagazine.com\/fr\/wp-includes\/js\/wp-embed.min.js\n<\/script>\n","thumbnail_url":"https:\/\/legionmagazine.com\/fr\/wp-content\/uploads\/2015\/11\/pil.jpg","thumbnail_width":515,"thumbnail_height":400,"description":"P\u00e8lerinage du souvenir de 2015 de la L\u00e9gion royale canadienne Au mois de juillet, des p\u00e8lerins de partout au Canada sont all\u00e9s voir des champs de bataille, des cimeti\u00e8res et des monuments aux morts en France, en Belgique et aux Pays-Bas. \u00ab Si, hier, c\u2019\u00e9tait le jour le plus long, dit Ed Pigeau, aujourd\u2019hui, c\u2019est &hellip;"}